{"id":2712,"date":"2020-07-21T11:38:28","date_gmt":"2020-07-21T11:38:28","guid":{"rendered":"http:\/\/sportheads.de\/?page_id=2712"},"modified":"2022-12-02T15:55:03","modified_gmt":"2022-12-02T15:55:03","slug":"forum-sport-personal-2018","status":"publish","type":"page","link":"https:\/\/sportheads.de\/en\/events\/forum-sport-personal-2018\/","title":{"rendered":"Forum Sport &#038; Personal 2018"},"content":{"rendered":"<div data-elementor-type=\"wp-page\" data-elementor-id=\"2712\" class=\"elementor elementor-2712\" data-elementor-post-type=\"page\">\n\t\t\t\t\t\t<section class=\"elementor-section elementor-top-section elementor-element elementor-element-54e2ddd elementor-section-stretched elementor-section-boxed elementor-section-height-default elementor-section-height-default\" data-id=\"54e2ddd\" data-element_type=\"section\" data-e-type=\"section\" data-settings=\"{&quot;stretch_section&quot;:&quot;section-stretched&quot;,&quot;background_background&quot;:&quot;classic&quot;}\">\n\t\t\t\t\t\t\t<div class=\"elementor-background-overlay\"><\/div>\n\t\t\t\t\t\t\t<div class=\"elementor-container elementor-column-gap-default\">\n\t\t\t\t\t<div class=\"elementor-column elementor-col-50 elementor-top-column elementor-element elementor-element-78f446e\" data-id=\"78f446e\" data-element_type=\"column\" data-e-type=\"column\">\n\t\t\t<div class=\"elementor-widget-wrap elementor-element-populated\">\n\t\t\t\t\t\t<div class=\"elementor-element elementor-element-6a37112 elementor-widget elementor-widget-image\" data-id=\"6a37112\" data-element_type=\"widget\" data-e-type=\"widget\" data-widget_type=\"image.default\">\n\t\t\t\t<div class=\"elementor-widget-container\">\n\t\t\t\t\t\t\t\t\t\t\t\t\t\t\t<img decoding=\"async\" src=\"https:\/\/sportheads.de\/wp-content\/uploads\/elementor\/thumbs\/Logo-FSP-ossphxgklrs9ilyqz3ps91c0mkkm594xxs656q70g0.png\" title=\"Logo FSP\" alt=\"Logo FSP\" loading=\"lazy\" \/>\t\t\t\t\t\t\t\t\t\t\t\t\t\t\t<\/div>\n\t\t\t\t<\/div>\n\t\t\t\t<div class=\"elementor-element elementor-element-2d8b42b elementor-widget elementor-widget-heading\" data-id=\"2d8b42b\" data-element_type=\"widget\" data-e-type=\"widget\" data-widget_type=\"heading.default\">\n\t\t\t\t<div class=\"elementor-widget-container\">\n\t\t\t\t\t<h1 class=\"elementor-heading-title elementor-size-default\">The symposium for personnel management in sports<\/h1>\t\t\t\t<\/div>\n\t\t\t\t<\/div>\n\t\t\t\t<div class=\"elementor-element elementor-element-f2deaf9 elementor-widget elementor-widget-heading\" data-id=\"f2deaf9\" data-element_type=\"widget\" data-e-type=\"widget\" data-widget_type=\"heading.default\">\n\t\t\t\t<div class=\"elementor-widget-container\">\n\t\t\t\t\t<p class=\"elementor-heading-title elementor-size-default\">25. April 2018\nCommerzbank-Arena Frankfurt am Main<\/p>\t\t\t\t<\/div>\n\t\t\t\t<\/div>\n\t\t\t\t<div class=\"elementor-element elementor-element-672320a elementor-widget elementor-widget-button\" data-id=\"672320a\" data-element_type=\"widget\" data-e-type=\"widget\" data-widget_type=\"button.default\">\n\t\t\t\t<div class=\"elementor-widget-container\">\n\t\t\t\t\t\t\t\t\t<div class=\"elementor-button-wrapper\">\n\t\t\t\t\t<a class=\"elementor-button elementor-button-link elementor-size-md elementor-animation-grow\" href=\"#\">\n\t\t\t\t\t\t<span class=\"elementor-button-content-wrapper\">\n\t\t\t\t\t\t\t\t\t<span class=\"elementor-button-text\">Register now!<\/span>\n\t\t\t\t\t<\/span>\n\t\t\t\t\t<\/a>\n\t\t\t\t<\/div>\n\t\t\t\t\t\t\t\t<\/div>\n\t\t\t\t<\/div>\n\t\t\t\t\t<\/div>\n\t\t<\/div>\n\t\t\t\t<div class=\"elementor-column elementor-col-50 elementor-top-column elementor-element elementor-element-31a4621\" data-id=\"31a4621\" data-element_type=\"column\" data-e-type=\"column\">\n\t\t\t<div class=\"elementor-widget-wrap\">\n\t\t\t\t\t\t\t<\/div>\n\t\t<\/div>\n\t\t\t\t\t<\/div>\n\t\t<\/section>\n\t\t\t\t<section class=\"elementor-section elementor-top-section elementor-element elementor-element-fd38afd elementor-section-boxed elementor-section-height-default elementor-section-height-default\" data-id=\"fd38afd\" data-element_type=\"section\" data-e-type=\"section\">\n\t\t\t\t\t\t<div class=\"elementor-container elementor-column-gap-default\">\n\t\t\t\t\t<div class=\"elementor-column elementor-col-100 elementor-top-column elementor-element elementor-element-a1ab23c\" data-id=\"a1ab23c\" data-element_type=\"column\" data-e-type=\"column\">\n\t\t\t<div class=\"elementor-widget-wrap elementor-element-populated\">\n\t\t\t\t\t\t<div class=\"elementor-element elementor-element-6e1efde elementor-widget elementor-widget-spacer\" data-id=\"6e1efde\" data-element_type=\"widget\" data-e-type=\"widget\" data-widget_type=\"spacer.default\">\n\t\t\t\t<div class=\"elementor-widget-container\">\n\t\t\t\t\t\t\t<div class=\"elementor-spacer\">\n\t\t\t<div class=\"elementor-spacer-inner\"><\/div>\n\t\t<\/div>\n\t\t\t\t\t\t<\/div>\n\t\t\t\t<\/div>\n\t\t\t\t<div class=\"elementor-element elementor-element-3317500 elementor-widget elementor-widget-heading\" data-id=\"3317500\" data-element_type=\"widget\" data-e-type=\"widget\" data-widget_type=\"heading.default\">\n\t\t\t\t<div class=\"elementor-widget-container\">\n\t\t\t\t\t<h2 class=\"elementor-heading-title elementor-size-default\">Event<\/h2>\t\t\t\t<\/div>\n\t\t\t\t<\/div>\n\t\t\t\t<div class=\"elementor-element elementor-element-5349d52 elementor-widget-divider--view-line elementor-widget elementor-widget-divider\" data-id=\"5349d52\" data-element_type=\"widget\" data-e-type=\"widget\" data-widget_type=\"divider.default\">\n\t\t\t\t<div class=\"elementor-widget-container\">\n\t\t\t\t\t\t\t<div class=\"elementor-divider\">\n\t\t\t<span class=\"elementor-divider-separator\">\n\t\t\t\t\t\t<\/span>\n\t\t<\/div>\n\t\t\t\t\t\t<\/div>\n\t\t\t\t<\/div>\n\t\t\t\t<section class=\"elementor-section elementor-inner-section elementor-element elementor-element-4ebd222 elementor-section-boxed elementor-section-height-default elementor-section-height-default\" data-id=\"4ebd222\" data-element_type=\"section\" data-e-type=\"section\">\n\t\t\t\t\t\t<div class=\"elementor-container elementor-column-gap-default\">\n\t\t\t\t\t<div class=\"elementor-column elementor-col-50 elementor-inner-column elementor-element elementor-element-9bce96e\" data-id=\"9bce96e\" data-element_type=\"column\" data-e-type=\"column\">\n\t\t\t<div class=\"elementor-widget-wrap elementor-element-populated\">\n\t\t\t\t\t\t<div class=\"elementor-element elementor-element-4bd9027 elementor-widget elementor-widget-text-editor\" data-id=\"4bd9027\" data-element_type=\"widget\" data-e-type=\"widget\" data-widget_type=\"text-editor.default\">\n\t\t\t\t<div class=\"elementor-widget-container\">\n\t\t\t\t\t\t\t\t\t<p>Das Forum Sport &amp; Personal fand 2018 zum zweiten mal statt und m\u00f6chte sich als j\u00e4hrliche Fachtagung &amp; Plattform zum Austausch zu Personalthemen im Sport etablieren.<br \/>Ziel der Veranstaltungsreihe ist es, die zunehmend an Stellenwert gewinnenden Personalthemen im Sport aufzugreifen und den Teilnehmern neue Impulse f\u00fcr ihre Personalarbeit zu liefern. Es werden gezielt Personalverantwortliche und Entscheidungstr\u00e4ger von professionellen Sportclubs, Sportverb\u00e4nden und Ligaverb\u00e4nden angesprochen.<br \/>Aktuelle Herausforderungen und Praxisbeispiele aus dem Sport sowie Anregungen aus Wirtschaft und Wissenschaft werden von Personalmanagement Experten vorgetragen und in Diskussionsrunden er\u00f6rtert.<br \/>Das Forum Sport &amp; Personal bietet Ihnen die M\u00f6glichkeit Ihr Netzwerk in angenehmer Atmosph\u00e4re zu pflegen und zu erweitern und Ihr Fachwissen zu vergr\u00f6\u00dfern.<\/p>\t\t\t\t\t\t\t\t<\/div>\n\t\t\t\t<\/div>\n\t\t\t\t\t<\/div>\n\t\t<\/div>\n\t\t\t\t<div class=\"elementor-column elementor-col-50 elementor-inner-column elementor-element elementor-element-9bc369c\" data-id=\"9bc369c\" data-element_type=\"column\" data-e-type=\"column\">\n\t\t\t<div class=\"elementor-widget-wrap elementor-element-populated\">\n\t\t\t\t\t\t<div class=\"elementor-element elementor-element-8cf8be6 elementor-icon-list--layout-traditional elementor-list-item-link-full_width elementor-widget elementor-widget-icon-list\" data-id=\"8cf8be6\" data-element_type=\"widget\" data-e-type=\"widget\" data-widget_type=\"icon-list.default\">\n\t\t\t\t<div class=\"elementor-widget-container\">\n\t\t\t\t\t\t\t<ul class=\"elementor-icon-list-items\">\n\t\t\t\t\t\t\t<li class=\"elementor-icon-list-item\">\n\t\t\t\t\t\t\t\t\t\t\t<span class=\"elementor-icon-list-icon\">\n\t\t\t\t\t\t\t<i aria-hidden=\"true\" class=\"fas fa-chalkboard-teacher\"><\/i>\t\t\t\t\t\t<\/span>\n\t\t\t\t\t\t\t\t\t\t<span class=\"elementor-icon-list-text\">Speakers from business, science and sports<\/span>\n\t\t\t\t\t\t\t\t\t<\/li>\n\t\t\t\t\t\t\t\t<li class=\"elementor-icon-list-item\">\n\t\t\t\t\t\t\t\t\t\t\t<span class=\"elementor-icon-list-icon\">\n\t\t\t\t\t\t\t<i aria-hidden=\"true\" class=\"fas fa-lightbulb\"><\/i>\t\t\t\t\t\t<\/span>\n\t\t\t\t\t\t\t\t\t\t<span class=\"elementor-icon-list-text\">Expansion of specialist knowledge<\/span>\n\t\t\t\t\t\t\t\t\t<\/li>\n\t\t\t\t\t\t\t\t<li class=\"elementor-icon-list-item\">\n\t\t\t\t\t\t\t\t\t\t\t<span class=\"elementor-icon-list-icon\">\n\t\t\t\t\t\t\t<i aria-hidden=\"true\" class=\"fas fa-file-medical-alt\"><\/i>\t\t\t\t\t\t<\/span>\n\t\t\t\t\t\t\t\t\t\t<span class=\"elementor-icon-list-text\">Presentation of case studies<\/span>\n\t\t\t\t\t\t\t\t\t<\/li>\n\t\t\t\t\t\t\t\t<li class=\"elementor-icon-list-item\">\n\t\t\t\t\t\t\t\t\t\t\t<span class=\"elementor-icon-list-icon\">\n\t\t\t\t\t\t\t<i aria-hidden=\"true\" class=\"fas fa-comments\"><\/i>\t\t\t\t\t\t<\/span>\n\t\t\t\t\t\t\t\t\t\t<span class=\"elementor-icon-list-text\">Exchange of experiences<\/span>\n\t\t\t\t\t\t\t\t\t<\/li>\n\t\t\t\t\t\t\t\t<li class=\"elementor-icon-list-item\">\n\t\t\t\t\t\t\t\t\t\t\t<span class=\"elementor-icon-list-icon\">\n\t\t\t\t\t\t\t<i aria-hidden=\"true\" class=\"fas fa-list\"><\/i>\t\t\t\t\t\t<\/span>\n\t\t\t\t\t\t\t\t\t\t<span class=\"elementor-icon-list-text\">Exclusive field of participants<\/span>\n\t\t\t\t\t\t\t\t\t<\/li>\n\t\t\t\t\t\t\t\t<li class=\"elementor-icon-list-item\">\n\t\t\t\t\t\t\t\t\t\t\t<span class=\"elementor-icon-list-icon\">\n\t\t\t\t\t\t\t<i aria-hidden=\"true\" class=\"fas fa-globe\"><\/i>\t\t\t\t\t\t<\/span>\n\t\t\t\t\t\t\t\t\t\t<span class=\"elementor-icon-list-text\">Contact building and networking<\/span>\n\t\t\t\t\t\t\t\t\t<\/li>\n\t\t\t\t\t\t<\/ul>\n\t\t\t\t\t\t<\/div>\n\t\t\t\t<\/div>\n\t\t\t\t\t<\/div>\n\t\t<\/div>\n\t\t\t\t\t<\/div>\n\t\t<\/section>\n\t\t\t\t\t<\/div>\n\t\t<\/div>\n\t\t\t\t\t<\/div>\n\t\t<\/section>\n\t\t\t\t<section class=\"elementor-section elementor-top-section elementor-element elementor-element-0293ca3 elementor-section-stretched elementor-section-boxed elementor-section-height-default elementor-section-height-default\" data-id=\"0293ca3\" data-element_type=\"section\" data-e-type=\"section\" data-settings=\"{&quot;stretch_section&quot;:&quot;section-stretched&quot;,&quot;background_background&quot;:&quot;classic&quot;}\">\n\t\t\t\t\t\t<div class=\"elementor-container elementor-column-gap-default\">\n\t\t\t\t\t<div class=\"elementor-column elementor-col-100 elementor-top-column elementor-element elementor-element-29a894e\" data-id=\"29a894e\" data-element_type=\"column\" data-e-type=\"column\">\n\t\t\t<div class=\"elementor-widget-wrap elementor-element-populated\">\n\t\t\t\t\t\t<div class=\"elementor-element elementor-element-671bde3 elementor-widget elementor-widget-spacer\" data-id=\"671bde3\" data-element_type=\"widget\" data-e-type=\"widget\" data-widget_type=\"spacer.default\">\n\t\t\t\t<div class=\"elementor-widget-container\">\n\t\t\t\t\t\t\t<div class=\"elementor-spacer\">\n\t\t\t<div class=\"elementor-spacer-inner\"><\/div>\n\t\t<\/div>\n\t\t\t\t\t\t<\/div>\n\t\t\t\t<\/div>\n\t\t\t\t<div class=\"elementor-element elementor-element-92ee7a1 elementor-widget elementor-widget-heading\" data-id=\"92ee7a1\" data-element_type=\"widget\" data-e-type=\"widget\" data-widget_type=\"heading.default\">\n\t\t\t\t<div class=\"elementor-widget-container\">\n\t\t\t\t\t<h2 class=\"elementor-heading-title elementor-size-default\">Programm<\/h2>\t\t\t\t<\/div>\n\t\t\t\t<\/div>\n\t\t\t\t<div class=\"elementor-element elementor-element-53a8554 elementor-widget-divider--view-line elementor-widget elementor-widget-divider\" data-id=\"53a8554\" data-element_type=\"widget\" data-e-type=\"widget\" data-widget_type=\"divider.default\">\n\t\t\t\t<div class=\"elementor-widget-container\">\n\t\t\t\t\t\t\t<div class=\"elementor-divider\">\n\t\t\t<span class=\"elementor-divider-separator\">\n\t\t\t\t\t\t<\/span>\n\t\t<\/div>\n\t\t\t\t\t\t<\/div>\n\t\t\t\t<\/div>\n\t\t\t\t<div class=\"elementor-element elementor-element-6f31ac7 elementor-widget elementor-widget-button\" data-id=\"6f31ac7\" data-element_type=\"widget\" data-e-type=\"widget\" data-widget_type=\"button.default\">\n\t\t\t\t<div class=\"elementor-widget-container\">\n\t\t\t\t\t\t\t\t\t<div class=\"elementor-button-wrapper\">\n\t\t\t\t\t<a class=\"elementor-button elementor-button-link elementor-size-md elementor-animation-grow\" href=\"#\">\n\t\t\t\t\t\t<span class=\"elementor-button-content-wrapper\">\n\t\t\t\t\t\t<span class=\"elementor-button-icon\">\n\t\t\t\t<i aria-hidden=\"true\" class=\"fas fa-file-pdf\"><\/i>\t\t\t<\/span>\n\t\t\t\t\t\t\t\t\t<span class=\"elementor-button-text\">Als PDF herunterladen<\/span>\n\t\t\t\t\t<\/span>\n\t\t\t\t\t<\/a>\n\t\t\t\t<\/div>\n\t\t\t\t\t\t\t\t<\/div>\n\t\t\t\t<\/div>\n\t\t\t\t<div class=\"elementor-element elementor-element-70ec30a elementor-widget elementor-widget-heading\" data-id=\"70ec30a\" data-element_type=\"widget\" data-e-type=\"widget\" data-widget_type=\"heading.default\">\n\t\t\t\t<div class=\"elementor-widget-container\">\n\t\t\t\t\t<p class=\"elementor-heading-title elementor-size-default\">ab 09:00 Uhr Empfang \/ Kaffee\u200b<\/p>\t\t\t\t<\/div>\n\t\t\t\t<\/div>\n\t\t\t\t<div class=\"elementor-element elementor-element-5e980b2 elementor-widget elementor-widget-heading\" data-id=\"5e980b2\" data-element_type=\"widget\" data-e-type=\"widget\" data-widget_type=\"heading.default\">\n\t\t\t\t<div class=\"elementor-widget-container\">\n\t\t\t\t\t<p class=\"elementor-heading-title elementor-size-default\">09:45 \u2013 09:50 Uhr Begr\u00fc\u00dfung der Veranstalter<\/p>\t\t\t\t<\/div>\n\t\t\t\t<\/div>\n\t\t\t\t<div class=\"elementor-element elementor-element-b2ab7c9 elementor-widget elementor-widget-text-editor\" data-id=\"b2ab7c9\" data-element_type=\"widget\" data-e-type=\"widget\" data-widget_type=\"text-editor.default\">\n\t\t\t\t<div class=\"elementor-widget-container\">\n\t\t\t\t\t\t\t\t\t<p>Marc Mayer-Vorfelder, Managing Partner Sport Heads<br \/>Marcus Hochhaus, Managing Partner Sport Heads<br \/>Wolfgang Holzh\u00e4user, Partner Sport Heads<\/p>\t\t\t\t\t\t\t\t<\/div>\n\t\t\t\t<\/div>\n\t\t\t\t<div class=\"elementor-element elementor-element-5c1210d elementor-widget elementor-widget-heading\" data-id=\"5c1210d\" data-element_type=\"widget\" data-e-type=\"widget\" data-widget_type=\"heading.default\">\n\t\t\t\t<div class=\"elementor-widget-container\">\n\t\t\t\t\t<p class=\"elementor-heading-title elementor-size-default\">09:50 \u2013 10:15 Uhr Key Note\u200b<\/p>\t\t\t\t<\/div>\n\t\t\t\t<\/div>\n\t\t\t\t<div class=\"elementor-element elementor-element-8a53845 elementor-widget elementor-widget-text-editor\" data-id=\"8a53845\" data-element_type=\"widget\" data-e-type=\"widget\" data-widget_type=\"text-editor.default\">\n\t\t\t\t<div class=\"elementor-widget-container\">\n\t\t\t\t\t\t\t\t\t<p>Prof. Dr. Heiko Roehl, Experte f\u00fcr Organisationsentwicklung und Unternehmensf\u00fchrung<\/p>\t\t\t\t\t\t\t\t<\/div>\n\t\t\t\t<\/div>\n\t\t\t\t<div class=\"elementor-element elementor-element-50b3d52 elementor-widget elementor-widget-heading\" data-id=\"50b3d52\" data-element_type=\"widget\" data-e-type=\"widget\" data-widget_type=\"heading.default\">\n\t\t\t\t<div class=\"elementor-widget-container\">\n\t\t\t\t\t<p class=\"elementor-heading-title elementor-size-default\">10:15 \u2013 11:30 Uhr Talks zum \"Status Quo\"\u200b<\/p>\t\t\t\t<\/div>\n\t\t\t\t<\/div>\n\t\t\t\t<div class=\"elementor-element elementor-element-1b31112 elementor-widget elementor-widget-text-editor\" data-id=\"1b31112\" data-element_type=\"widget\" data-e-type=\"widget\" data-widget_type=\"text-editor.default\">\n\t\t\t\t<div class=\"elementor-widget-container\">\n\t\t\t\t\t\t\t\t\t<p class=\"font_8\"><strong>Unternehmenskultur und Organisationsentwicklung im Sport \u2013 Stellenwert und aktuelle Herausforderungen<br \/><\/strong>Prof. Dr. Heiko Roehl, Experte f\u00fcr Organisationsentwicklung und Unternehmensf\u00fchrung<br \/>Jennifer Kettemann, Gesch\u00e4ftsf\u00fchrerin Rhein-Neckar L\u00f6wen<br \/>Oliver Leki, Vorstand SC Freiburg<br \/>Marcus Bingenheimer-Zimmermann, Personalleiter Eintracht Frankfurt<\/p><p><strong>Die neue Struktur beim DFB<br \/><\/strong>Ein Gespr\u00e4ch mit Dr. Friedrich Curtius, Generalsekret\u00e4r Deutscher\u00a0Fu\u00dfball-Bund (DFB)<\/p>\t\t\t\t\t\t\t\t<\/div>\n\t\t\t\t<\/div>\n\t\t\t\t<div class=\"elementor-element elementor-element-8ee3270 elementor-widget elementor-widget-heading\" data-id=\"8ee3270\" data-element_type=\"widget\" data-e-type=\"widget\" data-widget_type=\"heading.default\">\n\t\t\t\t<div class=\"elementor-widget-container\">\n\t\t\t\t\t<p class=\"elementor-heading-title elementor-size-default\">11:30 \u2013 12:00 Uhr Pause<\/p>\t\t\t\t<\/div>\n\t\t\t\t<\/div>\n\t\t\t\t<div class=\"elementor-element elementor-element-1a0c002 elementor-widget elementor-widget-heading\" data-id=\"1a0c002\" data-element_type=\"widget\" data-e-type=\"widget\" data-widget_type=\"heading.default\">\n\t\t\t\t<div class=\"elementor-widget-container\">\n\t\t\t\t\t<p class=\"elementor-heading-title elementor-size-default\">12:00 \u2013 13:30 Uhr Perspektivwechsel: Die Sichtweisen von Sportlern, Mitarbeitern und einem Markenberater<\/p>\t\t\t\t<\/div>\n\t\t\t\t<\/div>\n\t\t\t\t<div class=\"elementor-element elementor-element-e0e2341 elementor-widget elementor-widget-text-editor\" data-id=\"e0e2341\" data-element_type=\"widget\" data-e-type=\"widget\" data-widget_type=\"text-editor.default\">\n\t\t\t\t<div class=\"elementor-widget-container\">\n\t\t\t\t\t\t\t\t\t<p class=\"font_8\"><strong>Unternehmenskultur und sportliche Leistung \u2013 schie\u00dft Kultur Tore<br \/><\/strong>Ein Gespr\u00e4ch mit Marc Ziegler, DFB-Torwartkoordinator und ehemaliger Fu\u00dfballprofi<br \/>sowie Dennis Thom, Leiter Marketing Borussia Dortmund<\/p><p class=\"font_8\"><strong>Einfluss der Unternehmenskultur auf das Recruiting von Top-Mitarbeitern<br \/><\/strong>Dr. Steffen Zoller, Gesch\u00e4ftsf\u00fchrer kununu GmbH<\/p><p><strong>Identit\u00e4t als Fundament des Erfolgs<br \/><\/strong>Christoph Wallrafen, Experte f\u00fcr das Thema Identit\u00e4t<\/p>\t\t\t\t\t\t\t\t<\/div>\n\t\t\t\t<\/div>\n\t\t\t\t<div class=\"elementor-element elementor-element-be70abd elementor-widget elementor-widget-heading\" data-id=\"be70abd\" data-element_type=\"widget\" data-e-type=\"widget\" data-widget_type=\"heading.default\">\n\t\t\t\t<div class=\"elementor-widget-container\">\n\t\t\t\t\t<p class=\"elementor-heading-title elementor-size-default\">13:30 \u2013 14:30 Uhr Pause und Mittagessen<\/p>\t\t\t\t<\/div>\n\t\t\t\t<\/div>\n\t\t\t\t<div class=\"elementor-element elementor-element-95a2dcc elementor-widget elementor-widget-heading\" data-id=\"95a2dcc\" data-element_type=\"widget\" data-e-type=\"widget\" data-widget_type=\"heading.default\">\n\t\t\t\t<div class=\"elementor-widget-container\">\n\t\t\t\t\t<p class=\"elementor-heading-title elementor-size-default\">14:30 \u2013 16:00 Uhr Praxisbeispiele aus dem Sport<\/p>\t\t\t\t<\/div>\n\t\t\t\t<\/div>\n\t\t\t\t<div class=\"elementor-element elementor-element-4c9b66e elementor-widget elementor-widget-text-editor\" data-id=\"4c9b66e\" data-element_type=\"widget\" data-e-type=\"widget\" data-widget_type=\"text-editor.default\">\n\t\t\t\t<div class=\"elementor-widget-container\">\n\t\t\t\t\t\t\t\t\t<div id=\"comp-jefitwfh\" class=\"txtNew\" data-packed=\"true\" data-vertical-text=\"false\"><p class=\"font_8\"><strong>Neustrukturierung beim Deutschen Skiverband \u2013 mit einer demokratischen F\u00fchrungsstruktur in die Zukunft<br \/><\/strong>J\u00f6rg Flechtner,\u00a0Vizepr\u00e4sident und Schatzmeister Deutscher Skiverband<\/p><\/div><div id=\"comp-jegu82id\" class=\"txtNew\" data-packed=\"true\" data-vertical-text=\"false\"><p class=\"font_8\"><strong>Parameter und Einfluss der Unternehmenskultur auf die sportliche Nachhaltigkeit \u2013 am Beispiel\u00a0ERC Ingolstadt<br \/><\/strong>Claus Gr\u00f6bner, Gesch\u00e4ftsf\u00fchrer ERC Ingolstadt<\/p><\/div><div id=\"comp-jefivz5n\" class=\"txtNew\" data-packed=\"true\" data-vertical-text=\"false\"><p class=\"font_8\"><strong>Mitarbeiterbefragung als Instrument der Organisationsentwicklung \u2013 am Beispiel Borussia Dortmund<br \/><\/strong>Reinhard Beck, Direktor Personal Borussia Dortmund<\/p><\/div>\t\t\t\t\t\t\t\t<\/div>\n\t\t\t\t<\/div>\n\t\t\t\t<div class=\"elementor-element elementor-element-0546279 elementor-widget elementor-widget-heading\" data-id=\"0546279\" data-element_type=\"widget\" data-e-type=\"widget\" data-widget_type=\"heading.default\">\n\t\t\t\t<div class=\"elementor-widget-container\">\n\t\t\t\t\t<p class=\"elementor-heading-title elementor-size-default\">16:00 \u2013 17:00 Uhr Talkrunde \u201eVision &amp; Ausblick\u201c<\/p>\t\t\t\t<\/div>\n\t\t\t\t<\/div>\n\t\t\t\t<div class=\"elementor-element elementor-element-cda43ba elementor-widget elementor-widget-text-editor\" data-id=\"cda43ba\" data-element_type=\"widget\" data-e-type=\"widget\" data-widget_type=\"text-editor.default\">\n\t\t\t\t<div class=\"elementor-widget-container\">\n\t\t\t\t\t\t\t\t\t<p><strong>Agilit\u00e4t und Digitalisierung auf dem Vormarsch \u2013\u00a0Denkanst\u00f6\u00dfe f\u00fcr eine zukunftsf\u00e4hige Unternehmenskultur<br \/><\/strong>Bernd Wahler, ehemaliger Pr\u00e4sident des VfB Stuttgart<br \/>Markus Rejek, Gesch\u00e4ftsf\u00fchrer Arminia Bielefeld<br \/>Dr. Steffen Zoller, Gesch\u00e4ftsf\u00fchrer kununu GmbH<br \/>Reinhard Beck, Direktor Personal Borussia Dortmund<\/p>\t\t\t\t\t\t\t\t<\/div>\n\t\t\t\t<\/div>\n\t\t\t\t<div class=\"elementor-element elementor-element-460a7fd elementor-widget elementor-widget-heading\" data-id=\"460a7fd\" data-element_type=\"widget\" data-e-type=\"widget\" data-widget_type=\"heading.default\">\n\t\t\t\t<div class=\"elementor-widget-container\">\n\t\t\t\t\t<p class=\"elementor-heading-title elementor-size-default\">17:00 \u2013 18:30 Uhr Ausklang<\/p>\t\t\t\t<\/div>\n\t\t\t\t<\/div>\n\t\t\t\t<div class=\"elementor-element elementor-element-dc662bb elementor-widget elementor-widget-button\" data-id=\"dc662bb\" data-element_type=\"widget\" data-e-type=\"widget\" data-widget_type=\"button.default\">\n\t\t\t\t<div class=\"elementor-widget-container\">\n\t\t\t\t\t\t\t\t\t<div class=\"elementor-button-wrapper\">\n\t\t\t\t\t<a class=\"elementor-button elementor-button-link elementor-size-md elementor-animation-grow\" href=\"#\">\n\t\t\t\t\t\t<span class=\"elementor-button-content-wrapper\">\n\t\t\t\t\t\t<span class=\"elementor-button-icon\">\n\t\t\t\t<i aria-hidden=\"true\" class=\"fas fa-file-pdf\"><\/i>\t\t\t<\/span>\n\t\t\t\t\t\t\t\t\t<span class=\"elementor-button-text\">Als PDF herunterladen<\/span>\n\t\t\t\t\t<\/span>\n\t\t\t\t\t<\/a>\n\t\t\t\t<\/div>\n\t\t\t\t\t\t\t\t<\/div>\n\t\t\t\t<\/div>\n\t\t\t\t<div class=\"elementor-element elementor-element-769338c elementor-widget elementor-widget-spacer\" data-id=\"769338c\" data-element_type=\"widget\" data-e-type=\"widget\" data-widget_type=\"spacer.default\">\n\t\t\t\t<div class=\"elementor-widget-container\">\n\t\t\t\t\t\t\t<div class=\"elementor-spacer\">\n\t\t\t<div class=\"elementor-spacer-inner\"><\/div>\n\t\t<\/div>\n\t\t\t\t\t\t<\/div>\n\t\t\t\t<\/div>\n\t\t\t\t\t<\/div>\n\t\t<\/div>\n\t\t\t\t\t<\/div>\n\t\t<\/section>\n\t\t\t\t<section class=\"elementor-section elementor-top-section elementor-element elementor-element-07960a2 elementor-section-boxed elementor-section-height-default elementor-section-height-default\" data-id=\"07960a2\" data-element_type=\"section\" data-e-type=\"section\">\n\t\t\t\t\t\t<div class=\"elementor-container elementor-column-gap-default\">\n\t\t\t\t\t<div class=\"elementor-column elementor-col-100 elementor-top-column elementor-element elementor-element-a074fdf\" data-id=\"a074fdf\" data-element_type=\"column\" data-e-type=\"column\">\n\t\t\t<div class=\"elementor-widget-wrap elementor-element-populated\">\n\t\t\t\t\t\t<div class=\"elementor-element elementor-element-97e6ce6 elementor-widget elementor-widget-spacer\" data-id=\"97e6ce6\" data-element_type=\"widget\" data-e-type=\"widget\" data-widget_type=\"spacer.default\">\n\t\t\t\t<div class=\"elementor-widget-container\">\n\t\t\t\t\t\t\t<div class=\"elementor-spacer\">\n\t\t\t<div class=\"elementor-spacer-inner\"><\/div>\n\t\t<\/div>\n\t\t\t\t\t\t<\/div>\n\t\t\t\t<\/div>\n\t\t\t\t<div class=\"elementor-element elementor-element-ebd6c3b elementor-widget elementor-widget-heading\" data-id=\"ebd6c3b\" data-element_type=\"widget\" data-e-type=\"widget\" data-widget_type=\"heading.default\">\n\t\t\t\t<div class=\"elementor-widget-container\">\n\t\t\t\t\t<h2 class=\"elementor-heading-title elementor-size-default\">Referenten &amp; Moderator<\/h2>\t\t\t\t<\/div>\n\t\t\t\t<\/div>\n\t\t\t\t<div class=\"elementor-element elementor-element-213e94b elementor-widget-divider--view-line elementor-widget elementor-widget-divider\" data-id=\"213e94b\" data-element_type=\"widget\" data-e-type=\"widget\" data-widget_type=\"divider.default\">\n\t\t\t\t<div class=\"elementor-widget-container\">\n\t\t\t\t\t\t\t<div class=\"elementor-divider\">\n\t\t\t<span class=\"elementor-divider-separator\">\n\t\t\t\t\t\t<\/span>\n\t\t<\/div>\n\t\t\t\t\t\t<\/div>\n\t\t\t\t<\/div>\n\t\t\t\t<div class=\"elementor-element elementor-element-26e233d elementor-widget elementor-widget-text-editor\" data-id=\"26e233d\" data-element_type=\"widget\" data-e-type=\"widget\" data-widget_type=\"text-editor.default\">\n\t\t\t\t<div class=\"elementor-widget-container\">\n\t\t\t\t\t\t\t\t\t<p>Wir haben ein breites Feld an renommierten Experten aus Wissenschaft und Praxis eingeladen, die gemeinsam mit Ihnen die aktuellen Herausforderungen und Trends im Personalmanagement diskutieren. Unsere Referenten verf\u00fcgen \u00fcber jahrelange Erfahrung in der Gesch\u00e4fts- und Personalf\u00fchrung. Im Folgenden stellen wir sie Ihnen in einer Kurz\u00fcbersicht n\u00e4her vor.<\/p>\t\t\t\t\t\t\t\t<\/div>\n\t\t\t\t<\/div>\n\t\t\t\t\t<\/div>\n\t\t<\/div>\n\t\t\t\t\t<\/div>\n\t\t<\/section>\n\t\t\t\t<section class=\"elementor-section elementor-top-section elementor-element elementor-element-e20b662 elementor-section-stretched elementor-section-full_width elementor-section-height-default elementor-section-height-default\" data-id=\"e20b662\" data-element_type=\"section\" data-e-type=\"section\" data-settings=\"{&quot;stretch_section&quot;:&quot;section-stretched&quot;,&quot;background_background&quot;:&quot;classic&quot;}\">\n\t\t\t\t\t\t<div class=\"elementor-container elementor-column-gap-default\">\n\t\t\t\t\t<div class=\"elementor-column elementor-col-100 elementor-top-column elementor-element elementor-element-752a1e0\" data-id=\"752a1e0\" data-element_type=\"column\" data-e-type=\"column\">\n\t\t\t<div class=\"elementor-widget-wrap elementor-element-populated\">\n\t\t\t\t\t\t<section class=\"elementor-section elementor-inner-section elementor-element elementor-element-16d06aa elementor-section-boxed elementor-section-height-default elementor-section-height-default\" data-id=\"16d06aa\" data-element_type=\"section\" data-e-type=\"section\">\n\t\t\t\t\t\t<div class=\"elementor-container elementor-column-gap-default\">\n\t\t\t\t\t<div class=\"elementor-column elementor-col-25 elementor-inner-column elementor-element elementor-element-cb0cedd\" data-id=\"cb0cedd\" data-element_type=\"column\" data-e-type=\"column\">\n\t\t\t<div class=\"elementor-widget-wrap elementor-element-populated\">\n\t\t\t\t\t\t<div class=\"elementor-element elementor-element-de379e0 elementor-widget elementor-widget-image\" data-id=\"de379e0\" data-element_type=\"widget\" data-e-type=\"widget\" data-widget_type=\"image.default\">\n\t\t\t\t<div class=\"elementor-widget-container\">\n\t\t\t\t\t\t\t\t\t\t\t\t\t\t\t<img decoding=\"async\" src=\"https:\/\/sportheads.de\/wp-content\/uploads\/elementor\/thumbs\/Beck-e1635329771278-pf6j7981fvadzp8i59wkbyqb6b1ttsd3of4k3lnchs.png\" title=\"Beck\" alt=\"Beck\" loading=\"lazy\" \/>\t\t\t\t\t\t\t\t\t\t\t\t\t\t\t<\/div>\n\t\t\t\t<\/div>\n\t\t\t\t<div class=\"elementor-element elementor-element-f9ef3dd elementor-widget elementor-widget-heading\" data-id=\"f9ef3dd\" data-element_type=\"widget\" data-e-type=\"widget\" data-widget_type=\"heading.default\">\n\t\t\t\t<div class=\"elementor-widget-container\">\n\t\t\t\t\t<p class=\"elementor-heading-title elementor-size-default\">Reinhard Beck<\/p>\t\t\t\t<\/div>\n\t\t\t\t<\/div>\n\t\t\t\t<div class=\"elementor-element elementor-element-f510a7a elementor-widget elementor-widget-text-editor\" data-id=\"f510a7a\" data-element_type=\"widget\" data-e-type=\"widget\" data-widget_type=\"text-editor.default\">\n\t\t\t\t<div class=\"elementor-widget-container\">\n\t\t\t\t\t\t\t\t\t<section id=\"comp-ix4lixj8\" class=\"strc1\" data-responsive=\"true\" data-is-screen-width=\"true\" data-col-margin=\"0\" data-row-margin=\"0\"><div id=\"comp-ix4lixj8inlineContent\" class=\"strc1inlineContent\"><div id=\"comp-ix4lixjv\" class=\"strc1\" data-content-width=\"980\" data-is-mesh=\"true\"><div id=\"comp-ix4lixjvinlineContent\" class=\"strc1inlineContent\"><div id=\"comp-ix4lixjvinlineContent-gridWrapper\" data-mesh-internal=\"true\"><div id=\"comp-ix4lixjvinlineContent-gridContainer\" data-mesh-internal=\"true\"><div id=\"comp-ix4lmcou\" class=\"style-ix8onyhc\" data-shouldhideoverflowcontent=\"true\"><div id=\"comp-ix4lmcouinlineContent\" class=\"style-ix8onyhcinlineContent\"><div id=\"comp-ixsyiwj6\" class=\"style-ix8onyhcslide\" data-shouldhideoverflowcontent=\"true\" data-flexibleboxheight=\"false\" data-parent-id=\"comp-ix4lmcou\" data-min-height=\"522\"><div id=\"comp-ixsyiwj6inlineContentParent\" class=\"style-ix8onyhcslideinlineContentParent\"><div id=\"comp-ixsyiwj6inlineContent\" class=\"style-ix8onyhcslideinlineContent\"><div id=\"comp-ixsyiwj6inlineContent-gridWrapper\" data-mesh-internal=\"true\"><div id=\"comp-ixsyiwj6inlineContent-gridContainer\" data-mesh-internal=\"true\"><div id=\"comp-ixsyix92\" class=\"txtNew\" data-packed=\"true\" data-vertical-text=\"false\"><p class=\"font_7\" style=\"text-align: center;\">&#8230; ist seit Januar 2016 Direktor f\u00fcr Personal bei Borussia Dortmund. Zuvor war er in verschiedenen Positionen (u.a. Filialdirektor und Organisationsleiter) beim Versicherungskonzern und Sportsponsor Signal Iduna t\u00e4tig. Der BVB-Fan verfolgt die Entwicklung des Clubs seit Jahren und konnte das Personalmanagement bei Borussia Dortmund in seiner aktuellen Rolle bereits erfolgreich professionalisieren.<\/p><\/div><\/div><\/div><\/div><\/div><\/div><\/div><\/div><\/div><\/div><\/div><\/div><\/div><\/section>\t\t\t\t\t\t\t\t<\/div>\n\t\t\t\t<\/div>\n\t\t\t\t\t<\/div>\n\t\t<\/div>\n\t\t\t\t<div class=\"elementor-column elementor-col-25 elementor-inner-column elementor-element elementor-element-e7933bc\" data-id=\"e7933bc\" data-element_type=\"column\" data-e-type=\"column\">\n\t\t\t<div class=\"elementor-widget-wrap elementor-element-populated\">\n\t\t\t\t\t\t<div class=\"elementor-element elementor-element-0a02f2b elementor-widget elementor-widget-image\" data-id=\"0a02f2b\" data-element_type=\"widget\" data-e-type=\"widget\" data-widget_type=\"image.default\">\n\t\t\t\t<div class=\"elementor-widget-container\">\n\t\t\t\t\t\t\t\t\t\t\t\t\t\t\t<img decoding=\"async\" src=\"https:\/\/sportheads.de\/wp-content\/uploads\/elementor\/thumbs\/Bingenheimer-e1635329613133-pf6j34pjg1n31b888hpie07hbfdu1lzig01u9vrjsw.png\" title=\"Bingenheimer\" alt=\"Bingenheimer\" loading=\"lazy\" \/>\t\t\t\t\t\t\t\t\t\t\t\t\t\t\t<\/div>\n\t\t\t\t<\/div>\n\t\t\t\t<div class=\"elementor-element elementor-element-e6e0d81 elementor-widget elementor-widget-heading\" data-id=\"e6e0d81\" data-element_type=\"widget\" data-e-type=\"widget\" data-widget_type=\"heading.default\">\n\t\t\t\t<div class=\"elementor-widget-container\">\n\t\t\t\t\t<p class=\"elementor-heading-title elementor-size-default\">Marcus Bingenheimer-Zimmermann<\/p>\t\t\t\t<\/div>\n\t\t\t\t<\/div>\n\t\t\t\t<div class=\"elementor-element elementor-element-67b4091 elementor-widget elementor-widget-text-editor\" data-id=\"67b4091\" data-element_type=\"widget\" data-e-type=\"widget\" data-widget_type=\"text-editor.default\">\n\t\t\t\t<div class=\"elementor-widget-container\">\n\t\t\t\t\t\t\t\t\t<section id=\"comp-ix4lixj8\" class=\"strc1\" data-responsive=\"true\" data-is-screen-width=\"true\" data-col-margin=\"0\" data-row-margin=\"0\"><div id=\"comp-ix4lixj8inlineContent\" class=\"strc1inlineContent\"><div id=\"comp-ix4lixjv\" class=\"strc1\" data-content-width=\"980\" data-is-mesh=\"true\"><div id=\"comp-ix4lixjvinlineContent\" class=\"strc1inlineContent\"><div id=\"comp-ix4lixjvinlineContent-gridWrapper\" data-mesh-internal=\"true\"><div id=\"comp-ix4lixjvinlineContent-gridContainer\" data-mesh-internal=\"true\"><div id=\"comp-ix4lmcou\" class=\"style-ix8onyhc\" data-shouldhideoverflowcontent=\"true\"><div id=\"comp-ix4lmcouinlineContent\" class=\"style-ix8onyhcinlineContent\"><div id=\"comp-iz401nid\" class=\"style-ix8onyhcslide\" data-shouldhideoverflowcontent=\"true\" data-flexibleboxheight=\"false\" data-parent-id=\"comp-ix4lmcou\" data-min-height=\"522\"><div id=\"comp-iz401nidinlineContentParent\" class=\"style-ix8onyhcslideinlineContentParent\"><div id=\"comp-iz401nidinlineContent\" class=\"style-ix8onyhcslideinlineContent\"><div id=\"comp-iz401nidinlineContent-gridWrapper\" data-mesh-internal=\"true\"><div id=\"comp-iz401nidinlineContent-gridContainer\" data-mesh-internal=\"true\"><div id=\"comp-iz401nju\" class=\"txtNew\" data-packed=\"true\" data-vertical-text=\"false\"><p class=\"font_8\" style=\"text-align: center;\">&#8230; ist seit Oktober 2016 Personalleiter bei der Eintracht Frankfurt Fu\u00dfball AG. Neben seinen Kenntnissen und Erfahrungen im Personalmanagement von Fu\u00dfballclubs verf\u00fcgt der studierte Betriebswirt und ehemalige Personalleiter des VfB Stuttgart \u00fcber nationale und internationale HR-Erfahrungen in Gro\u00dfkonzernen (Porsche &amp; Audi) sowie im Mittelstand (Krombacher Brauerei).<\/p><\/div><\/div><\/div><\/div><\/div><\/div><\/div><div id=\"comp-ix4lmcounavigationArrows\" class=\"style-ix8onyhc_navigation-arrows style-ix8onyhcnavigationArrows\" data-show-navigation-arrows=\"true\"><div id=\"comp-ix4lmcouprevButton\" class=\"style-ix8onyhc_btn style-ix8onyhcprevButton\">\u00a0<\/div><div id=\"comp-ix4lmcounextButton\" class=\"style-ix8onyhc_btn style-ix8onyhcnextButton\">\u00a0<\/div><\/div><\/div><\/div><\/div><\/div><\/div><\/div><\/section>\t\t\t\t\t\t\t\t<\/div>\n\t\t\t\t<\/div>\n\t\t\t\t\t<\/div>\n\t\t<\/div>\n\t\t\t\t<div class=\"elementor-column elementor-col-25 elementor-inner-column elementor-element elementor-element-40679ce\" data-id=\"40679ce\" data-element_type=\"column\" data-e-type=\"column\">\n\t\t\t<div class=\"elementor-widget-wrap elementor-element-populated\">\n\t\t\t\t\t\t<div class=\"elementor-element elementor-element-771e323 elementor-widget elementor-widget-image\" data-id=\"771e323\" data-element_type=\"widget\" data-e-type=\"widget\" data-widget_type=\"image.default\">\n\t\t\t\t<div class=\"elementor-widget-container\">\n\t\t\t\t\t\t\t\t\t\t\t\t\t\t\t<img decoding=\"async\" src=\"https:\/\/sportheads.de\/wp-content\/uploads\/elementor\/thumbs\/Curtius-e1635329768320-pf6j77cd277tchb8g93b6z7dzjb3ee5n05tl51q4u8.png\" title=\"Curtius\" alt=\"Curtius\" loading=\"lazy\" \/>\t\t\t\t\t\t\t\t\t\t\t\t\t\t\t<\/div>\n\t\t\t\t<\/div>\n\t\t\t\t<div class=\"elementor-element elementor-element-4461d6e elementor-widget elementor-widget-heading\" data-id=\"4461d6e\" data-element_type=\"widget\" data-e-type=\"widget\" data-widget_type=\"heading.default\">\n\t\t\t\t<div class=\"elementor-widget-container\">\n\t\t\t\t\t<p class=\"elementor-heading-title elementor-size-default\">Dr. Friedrich Curtius<\/p>\t\t\t\t<\/div>\n\t\t\t\t<\/div>\n\t\t\t\t<div class=\"elementor-element elementor-element-b0738f0 elementor-widget elementor-widget-text-editor\" data-id=\"b0738f0\" data-element_type=\"widget\" data-e-type=\"widget\" data-widget_type=\"text-editor.default\">\n\t\t\t\t<div class=\"elementor-widget-container\">\n\t\t\t\t\t\t\t\t\t<section id=\"comp-ix4lixj8\" class=\"strc1\" data-responsive=\"true\" data-is-screen-width=\"true\" data-col-margin=\"0\" data-row-margin=\"0\"><div id=\"comp-ix4lixj8inlineContent\" class=\"strc1inlineContent\"><div id=\"comp-ix4lixjv\" class=\"strc1\" data-content-width=\"980\" data-is-mesh=\"true\"><div id=\"comp-ix4lixjvinlineContent\" class=\"strc1inlineContent\"><div id=\"comp-ix4lixjvinlineContent-gridWrapper\" data-mesh-internal=\"true\"><div id=\"comp-ix4lixjvinlineContent-gridContainer\" data-mesh-internal=\"true\"><div id=\"comp-ix4lmcou\" class=\"style-ix8onyhc\" data-shouldhideoverflowcontent=\"true\"><div id=\"comp-ix4lmcouinlineContent\" class=\"style-ix8onyhcinlineContent\"><div id=\"comp-jfjs3pf7\" class=\"style-ix8onyhcslide\" data-shouldhideoverflowcontent=\"true\" data-flexibleboxheight=\"false\" data-parent-id=\"comp-ix4lmcou\" data-min-height=\"522\"><div id=\"comp-jfjs3pf7inlineContentParent\" class=\"style-ix8onyhcslideinlineContentParent\"><div id=\"comp-jfjs3pf7inlineContent\" class=\"style-ix8onyhcslideinlineContent\"><div id=\"comp-jfjs3pf7inlineContent-gridWrapper\" data-mesh-internal=\"true\"><div id=\"comp-jfjs3pf7inlineContent-gridContainer\" data-mesh-internal=\"true\"><div id=\"comp-jfjs3plk\" class=\"txtNew\" data-packed=\"true\" data-vertical-text=\"false\"><p class=\"font_8\" style=\"text-align: center;\">&#8230; ist seit 2006 f\u00fcr den DFB t\u00e4tig. 2007 wurde der promovierte Jurist Referent im Generalsekretariat, im Jahr darauf B\u00fcroleiter des Generalsekret\u00e4rs. 2012 \u00fcbernahm er die Leitung des Pr\u00e4sidialb\u00fcros von damaligen DFB-Pr\u00e4sident Wolfgang Niersbach bevor er im M\u00e4rz 2016 als Nachfolger von Helmut Sandrock zum Generalsekret\u00e4r des DFB berufen wurde. Er hat die Strukturreformen beim DFB, die im Januar 2018 umgesetzt wurden, federf\u00fchrend begleitet und aktiv vorangetrieben.<\/p><\/div><\/div><\/div><\/div><\/div><\/div><\/div><div id=\"comp-ix4lmcounavigationArrows\" class=\"style-ix8onyhc_navigation-arrows style-ix8onyhcnavigationArrows\" data-show-navigation-arrows=\"true\"><div id=\"comp-ix4lmcouprevButton\" class=\"style-ix8onyhc_btn style-ix8onyhcprevButton\">\u00a0<\/div><div id=\"comp-ix4lmcounextButton\" class=\"style-ix8onyhc_btn style-ix8onyhcnextButton\">\u00a0<\/div><\/div><\/div><\/div><\/div><\/div><\/div><\/div><\/section>\t\t\t\t\t\t\t\t<\/div>\n\t\t\t\t<\/div>\n\t\t\t\t\t<\/div>\n\t\t<\/div>\n\t\t\t\t<div class=\"elementor-column elementor-col-25 elementor-inner-column elementor-element elementor-element-e7d6005\" data-id=\"e7d6005\" data-element_type=\"column\" data-e-type=\"column\">\n\t\t\t<div class=\"elementor-widget-wrap elementor-element-populated\">\n\t\t\t\t\t\t<div class=\"elementor-element elementor-element-fd6aeee elementor-widget elementor-widget-image\" data-id=\"fd6aeee\" data-element_type=\"widget\" data-e-type=\"widget\" data-widget_type=\"image.default\">\n\t\t\t\t<div class=\"elementor-widget-container\">\n\t\t\t\t\t\t\t\t\t\t\t\t\t\t\t<img decoding=\"async\" src=\"https:\/\/sportheads.de\/wp-content\/uploads\/elementor\/thumbs\/Gr\u00f6bner-e1635329760180-pf6j6ztnjixirlm5o5uan13p8gc5otbsb4lpau1a80.png\" title=\"Gr\u00f6bner\" alt=\"Gr\u00f6bner\" loading=\"lazy\" \/>\t\t\t\t\t\t\t\t\t\t\t\t\t\t\t<\/div>\n\t\t\t\t<\/div>\n\t\t\t\t<div class=\"elementor-element elementor-element-1b20f20 elementor-widget elementor-widget-heading\" data-id=\"1b20f20\" data-element_type=\"widget\" data-e-type=\"widget\" data-widget_type=\"heading.default\">\n\t\t\t\t<div class=\"elementor-widget-container\">\n\t\t\t\t\t<p class=\"elementor-heading-title elementor-size-default\">Claus Gr\u00f6bner<\/p>\t\t\t\t<\/div>\n\t\t\t\t<\/div>\n\t\t\t\t<div class=\"elementor-element elementor-element-4a88355 elementor-widget elementor-widget-text-editor\" data-id=\"4a88355\" data-element_type=\"widget\" data-e-type=\"widget\" data-widget_type=\"text-editor.default\">\n\t\t\t\t<div class=\"elementor-widget-container\">\n\t\t\t\t\t\t\t\t\t<section id=\"comp-ix4lixj8\" class=\"strc1\" data-responsive=\"true\" data-is-screen-width=\"true\" data-col-margin=\"0\" data-row-margin=\"0\"><div id=\"comp-ix4lixj8inlineContent\" class=\"strc1inlineContent\"><div id=\"comp-ix4lixjv\" class=\"strc1\" data-content-width=\"980\" data-is-mesh=\"true\"><div id=\"comp-ix4lixjvinlineContent\" class=\"strc1inlineContent\"><div id=\"comp-ix4lixjvinlineContent-gridWrapper\" data-mesh-internal=\"true\"><div id=\"comp-ix4lixjvinlineContent-gridContainer\" data-mesh-internal=\"true\"><div id=\"comp-ix4lmcou\" class=\"style-ix8onyhc\" data-shouldhideoverflowcontent=\"true\"><div id=\"comp-ix4lmcouinlineContent\" class=\"style-ix8onyhcinlineContent\"><div id=\"comp-ixsyiwj6\" class=\"style-ix8onyhcslide\" data-shouldhideoverflowcontent=\"true\" data-flexibleboxheight=\"false\" data-parent-id=\"comp-ix4lmcou\" data-min-height=\"522\"><div id=\"comp-ixsyiwj6inlineContentParent\" class=\"style-ix8onyhcslideinlineContentParent\"><div id=\"comp-ixsyiwj6inlineContent\" class=\"style-ix8onyhcslideinlineContent\"><div id=\"comp-ixsyiwj6inlineContent-gridWrapper\" data-mesh-internal=\"true\"><div id=\"comp-ixsyiwj6inlineContent-gridContainer\" data-mesh-internal=\"true\"><div id=\"comp-ixsyix92\" class=\"txtNew\" data-packed=\"true\" data-vertical-text=\"false\"><p class=\"font_7\" style=\"text-align: center;\">&#8230; ist seit Januar 2016 Direktor f\u00fcr Personal bei Borussia Dortmund. Zuvor war er in verschiedenen Positionen (u.a. Filialdirektor und Organisationsleiter) beim Versicherungskonzern und Sportsponsor Signal Iduna t\u00e4tig. Der BVB-Fan verfolgt die Entwicklung des Clubs seit Jahren und konnte das Personalmanagement bei Borussia Dortmund in seiner aktuellen Rolle bereits erfolgreich professionalisieren.<\/p><\/div><\/div><\/div><\/div><\/div><\/div><\/div><\/div><\/div><\/div><\/div><\/div><\/div><\/section>\t\t\t\t\t\t\t\t<\/div>\n\t\t\t\t<\/div>\n\t\t\t\t\t<\/div>\n\t\t<\/div>\n\t\t\t\t\t<\/div>\n\t\t<\/section>\n\t\t\t\t\t<\/div>\n\t\t<\/div>\n\t\t\t\t\t<\/div>\n\t\t<\/section>\n\t\t\t\t<section class=\"elementor-section elementor-top-section elementor-element elementor-element-facd503 elementor-section-boxed elementor-section-height-default elementor-section-height-default\" data-id=\"facd503\" data-element_type=\"section\" data-e-type=\"section\">\n\t\t\t\t\t\t<div class=\"elementor-container elementor-column-gap-default\">\n\t\t\t\t\t<div class=\"elementor-column elementor-col-100 elementor-top-column elementor-element elementor-element-abfa5f1\" data-id=\"abfa5f1\" data-element_type=\"column\" data-e-type=\"column\">\n\t\t\t<div class=\"elementor-widget-wrap elementor-element-populated\">\n\t\t\t\t\t\t<div class=\"elementor-element elementor-element-860733a elementor-widget elementor-widget-spacer\" data-id=\"860733a\" data-element_type=\"widget\" data-e-type=\"widget\" data-widget_type=\"spacer.default\">\n\t\t\t\t<div class=\"elementor-widget-container\">\n\t\t\t\t\t\t\t<div class=\"elementor-spacer\">\n\t\t\t<div class=\"elementor-spacer-inner\"><\/div>\n\t\t<\/div>\n\t\t\t\t\t\t<\/div>\n\t\t\t\t<\/div>\n\t\t\t\t<div class=\"elementor-element elementor-element-faf365a elementor-widget elementor-widget-heading\" data-id=\"faf365a\" data-element_type=\"widget\" data-e-type=\"widget\" data-widget_type=\"heading.default\">\n\t\t\t\t<div class=\"elementor-widget-container\">\n\t\t\t\t\t<h2 class=\"elementor-heading-title elementor-size-default\">Review 2018<\/h2>\t\t\t\t<\/div>\n\t\t\t\t<\/div>\n\t\t\t\t<div class=\"elementor-element elementor-element-c1bbce8 elementor-widget-divider--view-line elementor-widget elementor-widget-divider\" data-id=\"c1bbce8\" data-element_type=\"widget\" data-e-type=\"widget\" data-widget_type=\"divider.default\">\n\t\t\t\t<div class=\"elementor-widget-container\">\n\t\t\t\t\t\t\t<div class=\"elementor-divider\">\n\t\t\t<span class=\"elementor-divider-separator\">\n\t\t\t\t\t\t<\/span>\n\t\t<\/div>\n\t\t\t\t\t\t<\/div>\n\t\t\t\t<\/div>\n\t\t\t\t<div class=\"elementor-element elementor-element-f2dfd46 elementor-arrows-position-inside elementor-pagination-position-outside elementor-widget elementor-widget-image-carousel\" data-id=\"f2dfd46\" data-element_type=\"widget\" data-e-type=\"widget\" data-settings=\"{&quot;slides_to_show&quot;:&quot;5&quot;,&quot;navigation&quot;:&quot;both&quot;,&quot;autoplay&quot;:&quot;yes&quot;,&quot;pause_on_hover&quot;:&quot;yes&quot;,&quot;pause_on_interaction&quot;:&quot;yes&quot;,&quot;autoplay_speed&quot;:5000,&quot;infinite&quot;:&quot;yes&quot;,&quot;speed&quot;:500}\" data-widget_type=\"image-carousel.default\">\n\t\t\t\t<div class=\"elementor-widget-container\">\n\t\t\t\t\t\t\t<div class=\"elementor-image-carousel-wrapper swiper\" role=\"region\" aria-roledescription=\"carousel\" aria-label=\"Image Carousel\" dir=\"ltr\">\n\t\t\t<div class=\"elementor-image-carousel swiper-wrapper\" aria-live=\"off\">\n\t\t\t\t\t\t\t\t<div class=\"swiper-slide\" role=\"group\" aria-roledescription=\"slide\" aria-label=\"1 of 24\" data-no-translation-aria-label=\"\"><figure class=\"swiper-slide-inner\"><img decoding=\"async\" class=\"swiper-slide-image\" src=\"https:\/\/sportheads.de\/wp-content\/uploads\/2020\/07\/Forum_Sport_Personal-253-scaled-e1596618705828.jpg\" alt=\"\" \/><\/figure><\/div><div class=\"swiper-slide\" role=\"group\" aria-roledescription=\"slide\" aria-label=\"2 of 24\" data-no-translation-aria-label=\"\"><figure class=\"swiper-slide-inner\"><img decoding=\"async\" class=\"swiper-slide-image\" src=\"https:\/\/sportheads.de\/wp-content\/uploads\/2020\/07\/Forum_Sport_Personal-244-150x150.jpg\" alt=\"\" \/><\/figure><\/div><div class=\"swiper-slide\" role=\"group\" aria-roledescription=\"slide\" aria-label=\"3 of 24\" data-no-translation-aria-label=\"\"><figure class=\"swiper-slide-inner\"><img decoding=\"async\" class=\"swiper-slide-image\" src=\"https:\/\/sportheads.de\/wp-content\/uploads\/2020\/07\/Forum_Sport_Personal-220-150x150.jpg\" alt=\"\" \/><\/figure><\/div><div class=\"swiper-slide\" role=\"group\" aria-roledescription=\"slide\" aria-label=\"4 of 24\" data-no-translation-aria-label=\"\"><figure class=\"swiper-slide-inner\"><img decoding=\"async\" class=\"swiper-slide-image\" src=\"https:\/\/sportheads.de\/wp-content\/uploads\/2020\/07\/Forum_Sport_Personal-217-150x150.jpg\" alt=\"\" \/><\/figure><\/div><div class=\"swiper-slide\" role=\"group\" aria-roledescription=\"slide\" aria-label=\"5 of 24\" data-no-translation-aria-label=\"\"><figure class=\"swiper-slide-inner\"><img decoding=\"async\" class=\"swiper-slide-image\" src=\"https:\/\/sportheads.de\/wp-content\/uploads\/2020\/07\/Forum_Sport_Personal-176-150x150.jpg\" alt=\"\" \/><\/figure><\/div><div class=\"swiper-slide\" role=\"group\" aria-roledescription=\"slide\" aria-label=\"6 of 24\" data-no-translation-aria-label=\"\"><figure class=\"swiper-slide-inner\"><img decoding=\"async\" class=\"swiper-slide-image\" src=\"https:\/\/sportheads.de\/wp-content\/uploads\/2020\/07\/Forum_Sport_Personal-127-150x150.jpg\" alt=\"\" \/><\/figure><\/div><div class=\"swiper-slide\" role=\"group\" aria-roledescription=\"slide\" aria-label=\"7 of 24\" data-no-translation-aria-label=\"\"><figure class=\"swiper-slide-inner\"><img decoding=\"async\" class=\"swiper-slide-image\" src=\"https:\/\/sportheads.de\/wp-content\/uploads\/2020\/07\/Forum_Sport_Personal-138-150x150.jpg\" alt=\"\" \/><\/figure><\/div><div class=\"swiper-slide\" role=\"group\" aria-roledescription=\"slide\" aria-label=\"8 of 24\" data-no-translation-aria-label=\"\"><figure class=\"swiper-slide-inner\"><img decoding=\"async\" class=\"swiper-slide-image\" src=\"https:\/\/sportheads.de\/wp-content\/uploads\/2020\/07\/Forum_Sport_Personal-141-150x150.jpg\" alt=\"\" \/><\/figure><\/div><div class=\"swiper-slide\" role=\"group\" aria-roledescription=\"slide\" aria-label=\"9 of 24\" data-no-translation-aria-label=\"\"><figure class=\"swiper-slide-inner\"><img decoding=\"async\" class=\"swiper-slide-image\" src=\"https:\/\/sportheads.de\/wp-content\/uploads\/2020\/07\/Forum_Sport_Personal-144-scaled-e1595339950576.jpg\" alt=\"\" \/><\/figure><\/div><div class=\"swiper-slide\" role=\"group\" aria-roledescription=\"slide\" aria-label=\"10 of 24\" data-no-translation-aria-label=\"\"><figure class=\"swiper-slide-inner\"><img decoding=\"async\" class=\"swiper-slide-image\" src=\"https:\/\/sportheads.de\/wp-content\/uploads\/2020\/07\/Forum_Sport_Personal-164-150x150.jpg\" alt=\"\" \/><\/figure><\/div><div class=\"swiper-slide\" role=\"group\" aria-roledescription=\"slide\" aria-label=\"11 of 24\" data-no-translation-aria-label=\"\"><figure class=\"swiper-slide-inner\"><img decoding=\"async\" class=\"swiper-slide-image\" src=\"https:\/\/sportheads.de\/wp-content\/uploads\/2020\/07\/Forum_Sport_Personal-115-150x150.jpg\" alt=\"\" \/><\/figure><\/div><div class=\"swiper-slide\" role=\"group\" aria-roledescription=\"slide\" aria-label=\"12 of 24\" data-no-translation-aria-label=\"\"><figure class=\"swiper-slide-inner\"><img decoding=\"async\" class=\"swiper-slide-image\" src=\"https:\/\/sportheads.de\/wp-content\/uploads\/2020\/07\/Forum_Sport_Personal-105-150x150.jpg\" alt=\"\" \/><\/figure><\/div><div class=\"swiper-slide\" role=\"group\" aria-roledescription=\"slide\" aria-label=\"13 of 24\" data-no-translation-aria-label=\"\"><figure class=\"swiper-slide-inner\"><img decoding=\"async\" class=\"swiper-slide-image\" src=\"https:\/\/sportheads.de\/wp-content\/uploads\/2020\/07\/Forum_Sport_Personal-104-150x150.jpg\" alt=\"\" \/><\/figure><\/div><div class=\"swiper-slide\" role=\"group\" aria-roledescription=\"slide\" aria-label=\"14 of 24\" data-no-translation-aria-label=\"\"><figure class=\"swiper-slide-inner\"><img decoding=\"async\" class=\"swiper-slide-image\" src=\"https:\/\/sportheads.de\/wp-content\/uploads\/2020\/07\/Forum_Sport_Personal-101-150x150.jpg\" alt=\"\" \/><\/figure><\/div><div class=\"swiper-slide\" role=\"group\" aria-roledescription=\"slide\" aria-label=\"15 of 24\" data-no-translation-aria-label=\"\"><figure class=\"swiper-slide-inner\"><img decoding=\"async\" class=\"swiper-slide-image\" src=\"https:\/\/sportheads.de\/wp-content\/uploads\/2020\/07\/Forum_Sport_Personal-77-150x150.jpg\" alt=\"\" \/><\/figure><\/div><div class=\"swiper-slide\" role=\"group\" aria-roledescription=\"slide\" aria-label=\"16 of 24\" data-no-translation-aria-label=\"\"><figure class=\"swiper-slide-inner\"><img decoding=\"async\" class=\"swiper-slide-image\" src=\"https:\/\/sportheads.de\/wp-content\/uploads\/2020\/07\/Forum_Sport_Personal-13-150x150.jpg\" alt=\"\" \/><\/figure><\/div><div class=\"swiper-slide\" role=\"group\" aria-roledescription=\"slide\" aria-label=\"17 of 24\" data-no-translation-aria-label=\"\"><figure class=\"swiper-slide-inner\"><img decoding=\"async\" class=\"swiper-slide-image\" src=\"https:\/\/sportheads.de\/wp-content\/uploads\/2020\/07\/Forum_Sport_Personal-28-150x150.jpg\" alt=\"\" \/><\/figure><\/div><div class=\"swiper-slide\" role=\"group\" aria-roledescription=\"slide\" aria-label=\"18 of 24\" data-no-translation-aria-label=\"\"><figure class=\"swiper-slide-inner\"><img decoding=\"async\" class=\"swiper-slide-image\" src=\"https:\/\/sportheads.de\/wp-content\/uploads\/2020\/07\/Forum_Sport_Personal-43-150x150.jpg\" alt=\"\" \/><\/figure><\/div><div class=\"swiper-slide\" role=\"group\" aria-roledescription=\"slide\" aria-label=\"19 of 24\" data-no-translation-aria-label=\"\"><figure class=\"swiper-slide-inner\"><img decoding=\"async\" class=\"swiper-slide-image\" src=\"https:\/\/sportheads.de\/wp-content\/uploads\/2020\/07\/Forum_Sport_Personal-44-150x150.jpg\" alt=\"\" \/><\/figure><\/div><div class=\"swiper-slide\" role=\"group\" aria-roledescription=\"slide\" aria-label=\"20 of 24\" data-no-translation-aria-label=\"\"><figure class=\"swiper-slide-inner\"><img decoding=\"async\" class=\"swiper-slide-image\" src=\"https:\/\/sportheads.de\/wp-content\/uploads\/2020\/07\/Forum_Sport_Personal-57-150x150.jpg\" alt=\"\" \/><\/figure><\/div><div class=\"swiper-slide\" role=\"group\" aria-roledescription=\"slide\" aria-label=\"21 of 24\" data-no-translation-aria-label=\"\"><figure class=\"swiper-slide-inner\"><img decoding=\"async\" class=\"swiper-slide-image\" src=\"https:\/\/sportheads.de\/wp-content\/uploads\/2020\/07\/Forum_Sport_Personal-11-150x150.jpg\" alt=\"\" \/><\/figure><\/div><div class=\"swiper-slide\" role=\"group\" aria-roledescription=\"slide\" aria-label=\"22 of 24\" data-no-translation-aria-label=\"\"><figure class=\"swiper-slide-inner\"><img decoding=\"async\" class=\"swiper-slide-image\" src=\"https:\/\/sportheads.de\/wp-content\/uploads\/2020\/07\/Forum_Sport_Personal-262-150x150.jpg\" alt=\"\" \/><\/figure><\/div><div class=\"swiper-slide\" role=\"group\" aria-roledescription=\"slide\" aria-label=\"23 of 24\" data-no-translation-aria-label=\"\"><figure class=\"swiper-slide-inner\"><img decoding=\"async\" class=\"swiper-slide-image\" src=\"https:\/\/sportheads.de\/wp-content\/uploads\/2020\/07\/Forum_Sport_Personal-2-150x150.jpg\" alt=\"\" \/><\/figure><\/div><div class=\"swiper-slide\" role=\"group\" aria-roledescription=\"slide\" aria-label=\"24 of 24\" data-no-translation-aria-label=\"\"><figure class=\"swiper-slide-inner\"><img decoding=\"async\" class=\"swiper-slide-image\" src=\"https:\/\/sportheads.de\/wp-content\/uploads\/2020\/07\/Forum_Sport_Personal-258-150x150.jpg\" alt=\"\" \/><\/figure><\/div>\t\t\t<\/div>\n\t\t\t\t\t\t\t\t\t\t\t\t<div class=\"elementor-swiper-button elementor-swiper-button-prev\" role=\"button\" tabindex=\"0\">\n\t\t\t\t\t\t<i aria-hidden=\"true\" class=\"eicon-chevron-left\"><\/i>\t\t\t\t\t<\/div>\n\t\t\t\t\t<div class=\"elementor-swiper-button elementor-swiper-button-next\" role=\"button\" tabindex=\"0\">\n\t\t\t\t\t\t<i aria-hidden=\"true\" class=\"eicon-chevron-right\"><\/i>\t\t\t\t\t<\/div>\n\t\t\t\t\n\t\t\t\t\t\t\t\t\t<div class=\"swiper-pagination\"><\/div>\n\t\t\t\t\t\t\t\t\t<\/div>\n\t\t\t\t\t\t<\/div>\n\t\t\t\t<\/div>\n\t\t\t\t\t<\/div>\n\t\t<\/div>\n\t\t\t\t\t<\/div>\n\t\t<\/section>\n\t\t\t\t<section class=\"elementor-section elementor-top-section elementor-element elementor-element-16a468d elementor-section-boxed elementor-section-height-default elementor-section-height-default\" data-id=\"16a468d\" data-element_type=\"section\" data-e-type=\"section\">\n\t\t\t\t\t\t<div class=\"elementor-container elementor-column-gap-default\">\n\t\t\t\t\t<div class=\"elementor-column elementor-col-100 elementor-top-column elementor-element elementor-element-b7dd1d3\" data-id=\"b7dd1d3\" data-element_type=\"column\" data-e-type=\"column\">\n\t\t\t<div class=\"elementor-widget-wrap elementor-element-populated\">\n\t\t\t\t\t\t<div class=\"elementor-element elementor-element-0ed1f35 elementor-widget elementor-widget-spacer\" data-id=\"0ed1f35\" data-element_type=\"widget\" data-e-type=\"widget\" data-widget_type=\"spacer.default\">\n\t\t\t\t<div class=\"elementor-widget-container\">\n\t\t\t\t\t\t\t<div class=\"elementor-spacer\">\n\t\t\t<div class=\"elementor-spacer-inner\"><\/div>\n\t\t<\/div>\n\t\t\t\t\t\t<\/div>\n\t\t\t\t<\/div>\n\t\t\t\t\t<\/div>\n\t\t<\/div>\n\t\t\t\t\t<\/div>\n\t\t<\/section>\n\t\t\t\t<\/div>","protected":false},"excerpt":{"rendered":"<p>Die Fachtagung f\u00fcr Personalmanagement im Sport 25. April 2018 Commerzbank-Arena Frankfurt am Main Jetzt anmelden! Veranstaltung Das Forum Sport &amp; Personal fand 2018 zum zweiten mal statt und m\u00f6chte sich als j\u00e4hrliche Fachtagung &amp; Plattform zum Austausch zu Personalthemen im Sport etablieren. Ziel der Veranstaltungsreihe ist es, die zunehmend an Stellenwert gewinnenden Personalthemen im Sport [&hellip;]<\/p>","protected":false},"author":1,"featured_media":0,"parent":1640,"menu_order":0,"comment_status":"closed","ping_status":"closed","template":"","meta":{"_exactmetrics_skip_tracking":false,"_exactmetrics_sitenote_active":false,"_exactmetrics_sitenote_note":"","_exactmetrics_sitenote_category":0,"ocean_post_layout":"","ocean_both_sidebars_style":"","ocean_both_sidebars_content_width":0,"ocean_both_sidebars_sidebars_width":0,"ocean_sidebar":"0","ocean_second_sidebar":"0","ocean_disable_margins":"enable","ocean_add_body_class":"","ocean_shortcode_before_top_bar":"","ocean_shortcode_after_top_bar":"","ocean_shortcode_before_header":"","ocean_shortcode_after_header":"","ocean_has_shortcode":"","ocean_shortcode_after_title":"","ocean_shortcode_before_footer_widgets":"","ocean_shortcode_after_footer_widgets":"","ocean_shortcode_before_footer_bottom":"","ocean_shortcode_after_footer_bottom":"","ocean_display_top_bar":"default","ocean_display_header":"default","ocean_header_style":"","ocean_center_header_left_menu":"0","ocean_custom_header_template":"0","ocean_custom_logo":0,"ocean_custom_retina_logo":0,"ocean_custom_logo_max_width":0,"ocean_custom_logo_tablet_max_width":0,"ocean_custom_logo_mobile_max_width":0,"ocean_custom_logo_max_height":0,"ocean_custom_logo_tablet_max_height":0,"ocean_custom_logo_mobile_max_height":0,"ocean_header_custom_menu":"0","ocean_menu_typo_font_family":"0","ocean_menu_typo_font_subset":"","ocean_menu_typo_font_size":0,"ocean_menu_typo_font_size_tablet":0,"ocean_menu_typo_font_size_mobile":0,"ocean_menu_typo_font_size_unit":"px","ocean_menu_typo_font_weight":"","ocean_menu_typo_font_weight_tablet":"","ocean_menu_typo_font_weight_mobile":"","ocean_menu_typo_transform":"","ocean_menu_typo_transform_tablet":"","ocean_menu_typo_transform_mobile":"","ocean_menu_typo_line_height":0,"ocean_menu_typo_line_height_tablet":0,"ocean_menu_typo_line_height_mobile":0,"ocean_menu_typo_line_height_unit":"","ocean_menu_typo_spacing":0,"ocean_menu_typo_spacing_tablet":0,"ocean_menu_typo_spacing_mobile":0,"ocean_menu_typo_spacing_unit":"","ocean_menu_link_color":"","ocean_menu_link_color_hover":"","ocean_menu_link_color_active":"","ocean_menu_link_background":"","ocean_menu_link_hover_background":"","ocean_menu_link_active_background":"","ocean_menu_social_links_bg":"","ocean_menu_social_hover_links_bg":"","ocean_menu_social_links_color":"","ocean_menu_social_hover_links_color":"","ocean_disable_title":"default","ocean_disable_heading":"default","ocean_post_title":"","ocean_post_subheading":"","ocean_post_title_style":"","ocean_post_title_background_color":"","ocean_post_title_background":0,"ocean_post_title_bg_image_position":"","ocean_post_title_bg_image_attachment":"","ocean_post_title_bg_image_repeat":"","ocean_post_title_bg_image_size":"","ocean_post_title_height":0,"ocean_post_title_bg_overlay":0.5,"ocean_post_title_bg_overlay_color":"","ocean_disable_breadcrumbs":"default","ocean_breadcrumbs_color":"","ocean_breadcrumbs_separator_color":"","ocean_breadcrumbs_links_color":"","ocean_breadcrumbs_links_hover_color":"","ocean_display_footer_widgets":"default","ocean_display_footer_bottom":"default","ocean_custom_footer_template":"0","footnotes":""},"class_list":["post-2712","page","type-page","status-publish","hentry","entry"],"yoast_head":"<!-- This site is optimized with the Yoast SEO plugin v25.1 - https:\/\/yoast.com\/wordpress\/plugins\/seo\/ -->\n<title>Forum Sport &amp; Personal 2018 | SPORTHEADS<\/title>\n<meta name=\"description\" content=\"SPORTHEADS unterst\u00fctzt Unternehmen und Organisationen aus dem Sportbusiness dabei, ihre unternehmerische Weiterentwicklung erfolgreich zu gestalten.\" \/>\n<meta name=\"robots\" content=\"noindex, follow\" \/>\n<meta property=\"og:locale\" content=\"en_GB\" \/>\n<meta property=\"og:type\" content=\"article\" \/>\n<meta property=\"og:title\" content=\"Forum Sport &amp; Personal 2018 | SPORTHEADS\" \/>\n<meta property=\"og:description\" content=\"SPORTHEADS unterst\u00fctzt Unternehmen und Organisationen aus dem Sportbusiness dabei, ihre unternehmerische Weiterentwicklung erfolgreich zu gestalten.\" \/>\n<meta property=\"og:url\" content=\"https:\/\/sportheads.de\/en\/events\/forum-sport-personal-2018\/\" \/>\n<meta property=\"og:site_name\" content=\"SPORTHEADS\" \/>\n<meta property=\"article:modified_time\" content=\"2022-12-02T15:55:03+00:00\" \/>\n<meta property=\"og:image\" content=\"http:\/\/sportheads.de\/wp-content\/uploads\/elementor\/thumbs\/Logo-FSP-ossk9xqlqmfri718pubxkh57kb5uoitk3b25ugxkw0.png\" \/>\n<meta name=\"twitter:card\" content=\"summary_large_image\" \/>\n<meta name=\"twitter:label1\" content=\"Estimated reading time\" \/>\n\t<meta name=\"twitter:data1\" content=\"4 minutes\" \/>\n<script type=\"application\/ld+json\" class=\"yoast-schema-graph\">{\"@context\":\"https:\/\/schema.org\",\"@graph\":[{\"@type\":\"WebPage\",\"@id\":\"https:\/\/sportheads.de\/events\/forum-sport-personal-2018\/\",\"url\":\"https:\/\/sportheads.de\/events\/forum-sport-personal-2018\/\",\"name\":\"Forum Sport & Personal 2018 | SPORTHEADS\",\"isPartOf\":{\"@id\":\"https:\/\/sportheads.de\/#website\"},\"primaryImageOfPage\":{\"@id\":\"https:\/\/sportheads.de\/events\/forum-sport-personal-2018\/#primaryimage\"},\"image\":{\"@id\":\"https:\/\/sportheads.de\/events\/forum-sport-personal-2018\/#primaryimage\"},\"thumbnailUrl\":\"http:\/\/sportheads.de\/wp-content\/uploads\/elementor\/thumbs\/Logo-FSP-ossk9xqlqmfri718pubxkh57kb5uoitk3b25ugxkw0.png\",\"datePublished\":\"2020-07-21T11:38:28+00:00\",\"dateModified\":\"2022-12-02T15:55:03+00:00\",\"description\":\"SPORTHEADS unterst\u00fctzt Unternehmen und Organisationen aus dem Sportbusiness dabei, ihre unternehmerische Weiterentwicklung erfolgreich zu gestalten.\",\"breadcrumb\":{\"@id\":\"https:\/\/sportheads.de\/events\/forum-sport-personal-2018\/#breadcrumb\"},\"inLanguage\":\"en-GB\",\"potentialAction\":[{\"@type\":\"ReadAction\",\"target\":[\"https:\/\/sportheads.de\/events\/forum-sport-personal-2018\/\"]}]},{\"@type\":\"ImageObject\",\"inLanguage\":\"en-GB\",\"@id\":\"https:\/\/sportheads.de\/events\/forum-sport-personal-2018\/#primaryimage\",\"url\":\"http:\/\/sportheads.de\/wp-content\/uploads\/elementor\/thumbs\/Logo-FSP-ossk9xqlqmfri718pubxkh57kb5uoitk3b25ugxkw0.png\",\"contentUrl\":\"http:\/\/sportheads.de\/wp-content\/uploads\/elementor\/thumbs\/Logo-FSP-ossk9xqlqmfri718pubxkh57kb5uoitk3b25ugxkw0.png\"},{\"@type\":\"BreadcrumbList\",\"@id\":\"https:\/\/sportheads.de\/events\/forum-sport-personal-2018\/#breadcrumb\",\"itemListElement\":[{\"@type\":\"ListItem\",\"position\":1,\"name\":\"Startseite\",\"item\":\"https:\/\/sportheads.de\/\"},{\"@type\":\"ListItem\",\"position\":2,\"name\":\"Events\",\"item\":\"https:\/\/sportheads.de\/events\/\"},{\"@type\":\"ListItem\",\"position\":3,\"name\":\"Forum Sport &#038; Personal 2018\"}]},{\"@type\":\"WebSite\",\"@id\":\"https:\/\/sportheads.de\/#website\",\"url\":\"https:\/\/sportheads.de\/\",\"name\":\"SPORTHEADS\",\"description\":\"Die Strategie- und Personalberatung f\u00fcr das Sportbusiness\",\"publisher\":{\"@id\":\"https:\/\/sportheads.de\/#organization\"},\"potentialAction\":[{\"@type\":\"SearchAction\",\"target\":{\"@type\":\"EntryPoint\",\"urlTemplate\":\"https:\/\/sportheads.de\/?s={search_term_string}\"},\"query-input\":{\"@type\":\"PropertyValueSpecification\",\"valueRequired\":true,\"valueName\":\"search_term_string\"}}],\"inLanguage\":\"en-GB\"},{\"@type\":\"Organization\",\"@id\":\"https:\/\/sportheads.de\/#organization\",\"name\":\"SPORTHEADS \u2013 die Strategie- und Personalberatung f\u00fcr das Sportbusiness\",\"url\":\"https:\/\/sportheads.de\/\",\"logo\":{\"@type\":\"ImageObject\",\"inLanguage\":\"en-GB\",\"@id\":\"https:\/\/sportheads.de\/#\/schema\/logo\/image\/\",\"url\":\"https:\/\/sportheads.de\/wp-content\/uploads\/2018\/12\/SPORTHEADS-Logo.jpg\",\"contentUrl\":\"https:\/\/sportheads.de\/wp-content\/uploads\/2018\/12\/SPORTHEADS-Logo.jpg\",\"width\":6000,\"height\":1552,\"caption\":\"SPORTHEADS \u2013 die Strategie- und Personalberatung f\u00fcr das Sportbusiness\"},\"image\":{\"@id\":\"https:\/\/sportheads.de\/#\/schema\/logo\/image\/\"},\"sameAs\":[\"https:\/\/de.linkedin.com\/company\/sportheads\"]}]}<\/script>\n<!-- \/ Yoast SEO plugin. -->","yoast_head_json":{"title":"Forum Sport & Personal 2018 | SPORTHEADS","description":"SPORTHEADS unterst\u00fctzt Unternehmen und Organisationen aus dem Sportbusiness dabei, ihre unternehmerische Weiterentwicklung erfolgreich zu gestalten.","robots":{"index":"noindex","follow":"follow"},"og_locale":"en_GB","og_type":"article","og_title":"Forum Sport & Personal 2018 | SPORTHEADS","og_description":"SPORTHEADS unterst\u00fctzt Unternehmen und Organisationen aus dem Sportbusiness dabei, ihre unternehmerische Weiterentwicklung erfolgreich zu gestalten.","og_url":"https:\/\/sportheads.de\/en\/events\/forum-sport-personal-2018\/","og_site_name":"SPORTHEADS","article_modified_time":"2022-12-02T15:55:03+00:00","og_image":[{"url":"http:\/\/sportheads.de\/wp-content\/uploads\/elementor\/thumbs\/Logo-FSP-ossk9xqlqmfri718pubxkh57kb5uoitk3b25ugxkw0.png","type":"","width":"","height":""}],"twitter_card":"summary_large_image","twitter_misc":{"Estimated reading time":"4 minutes"},"schema":{"@context":"https:\/\/schema.org","@graph":[{"@type":"WebPage","@id":"https:\/\/sportheads.de\/events\/forum-sport-personal-2018\/","url":"https:\/\/sportheads.de\/events\/forum-sport-personal-2018\/","name":"Forum Sport & Personal 2018 | SPORTHEADS","isPartOf":{"@id":"https:\/\/sportheads.de\/#website"},"primaryImageOfPage":{"@id":"https:\/\/sportheads.de\/events\/forum-sport-personal-2018\/#primaryimage"},"image":{"@id":"https:\/\/sportheads.de\/events\/forum-sport-personal-2018\/#primaryimage"},"thumbnailUrl":"http:\/\/sportheads.de\/wp-content\/uploads\/elementor\/thumbs\/Logo-FSP-ossk9xqlqmfri718pubxkh57kb5uoitk3b25ugxkw0.png","datePublished":"2020-07-21T11:38:28+00:00","dateModified":"2022-12-02T15:55:03+00:00","description":"SPORTHEADS unterst\u00fctzt Unternehmen und Organisationen aus dem Sportbusiness dabei, ihre unternehmerische Weiterentwicklung erfolgreich zu gestalten.","breadcrumb":{"@id":"https:\/\/sportheads.de\/events\/forum-sport-personal-2018\/#breadcrumb"},"inLanguage":"en-GB","potentialAction":[{"@type":"ReadAction","target":["https:\/\/sportheads.de\/events\/forum-sport-personal-2018\/"]}]},{"@type":"ImageObject","inLanguage":"en-GB","@id":"https:\/\/sportheads.de\/events\/forum-sport-personal-2018\/#primaryimage","url":"http:\/\/sportheads.de\/wp-content\/uploads\/elementor\/thumbs\/Logo-FSP-ossk9xqlqmfri718pubxkh57kb5uoitk3b25ugxkw0.png","contentUrl":"http:\/\/sportheads.de\/wp-content\/uploads\/elementor\/thumbs\/Logo-FSP-ossk9xqlqmfri718pubxkh57kb5uoitk3b25ugxkw0.png"},{"@type":"BreadcrumbList","@id":"https:\/\/sportheads.de\/events\/forum-sport-personal-2018\/#breadcrumb","itemListElement":[{"@type":"ListItem","position":1,"name":"Startseite","item":"https:\/\/sportheads.de\/"},{"@type":"ListItem","position":2,"name":"Events","item":"https:\/\/sportheads.de\/events\/"},{"@type":"ListItem","position":3,"name":"Forum Sport &#038; Personal 2018"}]},{"@type":"WebSite","@id":"https:\/\/sportheads.de\/#website","url":"https:\/\/sportheads.de\/","name":"SPORTHEADS","description":"Die Strategie- und Personalberatung f\u00fcr das Sportbusiness","publisher":{"@id":"https:\/\/sportheads.de\/#organization"},"potentialAction":[{"@type":"SearchAction","target":{"@type":"EntryPoint","urlTemplate":"https:\/\/sportheads.de\/?s={search_term_string}"},"query-input":{"@type":"PropertyValueSpecification","valueRequired":true,"valueName":"search_term_string"}}],"inLanguage":"en-GB"},{"@type":"Organization","@id":"https:\/\/sportheads.de\/#organization","name":"SPORTHEADS \u2013 die Strategie- und Personalberatung f\u00fcr das Sportbusiness","url":"https:\/\/sportheads.de\/","logo":{"@type":"ImageObject","inLanguage":"en-GB","@id":"https:\/\/sportheads.de\/#\/schema\/logo\/image\/","url":"https:\/\/sportheads.de\/wp-content\/uploads\/2018\/12\/SPORTHEADS-Logo.jpg","contentUrl":"https:\/\/sportheads.de\/wp-content\/uploads\/2018\/12\/SPORTHEADS-Logo.jpg","width":6000,"height":1552,"caption":"SPORTHEADS \u2013 die Strategie- und Personalberatung f\u00fcr das Sportbusiness"},"image":{"@id":"https:\/\/sportheads.de\/#\/schema\/logo\/image\/"},"sameAs":["https:\/\/de.linkedin.com\/company\/sportheads"]}]}},"_links":{"self":[{"href":"https:\/\/sportheads.de\/en\/wp-json\/wp\/v2\/pages\/2712","targetHints":{"allow":["GET"]}}],"collection":[{"href":"https:\/\/sportheads.de\/en\/wp-json\/wp\/v2\/pages"}],"about":[{"href":"https:\/\/sportheads.de\/en\/wp-json\/wp\/v2\/types\/page"}],"author":[{"embeddable":true,"href":"https:\/\/sportheads.de\/en\/wp-json\/wp\/v2\/users\/1"}],"replies":[{"embeddable":true,"href":"https:\/\/sportheads.de\/en\/wp-json\/wp\/v2\/comments?post=2712"}],"version-history":[{"count":44,"href":"https:\/\/sportheads.de\/en\/wp-json\/wp\/v2\/pages\/2712\/revisions"}],"predecessor-version":[{"id":5724,"href":"https:\/\/sportheads.de\/en\/wp-json\/wp\/v2\/pages\/2712\/revisions\/5724"}],"up":[{"embeddable":true,"href":"https:\/\/sportheads.de\/en\/wp-json\/wp\/v2\/pages\/1640"}],"wp:attachment":[{"href":"https:\/\/sportheads.de\/en\/wp-json\/wp\/v2\/media?parent=2712"}],"curies":[{"name":"wp","href":"https:\/\/api.w.org\/{rel}","templated":true}]}}